{"id":399,"date":"2022-12-07T17:54:39","date_gmt":"2022-12-07T09:54:39","guid":{"rendered":"https:\/\/www.stevistech.com\/?post_type=case&#038;p=399"},"modified":"2022-12-07T17:57:35","modified_gmt":"2022-12-07T09:57:35","slug":"automatic-laser-tube-cutting-machine-wheelchair-industry","status":"publish","type":"case","link":"https:\/\/www.stevistech.com\/hu\/case\/automata-lezercsovago-gep-kerekesszek-ipar\/","title":{"rendered":"A SteviS automatikus l\u00e9zeres cs\u0151v\u00e1g\u00f3 g\u00e9p seg\u00edti a kerekessz\u00e9k-ipar fejleszt\u00e9s\u00e9t"},"content":{"rendered":"<p>Becsl\u00e9sek szerint a vil\u00e1g n\u00e9pess\u00e9g\u00e9nek k\u00f6r\u00fclbel\u00fcl 151 TP3T embere fogyat\u00e9kos. Jelenleg a becsl\u00e9sek szerint 131,8 milli\u00f3 embernek (vagyis a vil\u00e1g n\u00e9pess\u00e9g\u00e9nek 1,851 TP3T-j\u00e1nak) van sz\u00fcks\u00e9ge tol\u00f3sz\u00e9kre.<\/p>\n\n\n\n<p>A l\u00e9zeres v\u00e1g\u00e1si technol\u00f3gia cs\u00f6kkentheti a kerekessz\u00e9kek gy\u00e1rt\u00e1si k\u00f6lts\u00e9geit, lehet\u0151v\u00e9 teszi a r\u00e1szorul\u00f3k sz\u00e1m\u00e1ra, hogy megfizethet\u0151 kerekessz\u00e9ket haszn\u00e1ljanak, \u00e9s jav\u00edtja \u00e9letmin\u0151s\u00e9g\u00fcket.<\/p>\n\n\n\n<figure class=\"wp-block-image size-full\"><img loading=\"lazy\" decoding=\"async\" width=\"600\" height=\"600\" src=\"https:\/\/stevistech.com\/wp-content\/uploads\/2022\/12\/automatic-laser-tube-cutting-machine-wheelchair-industry.jpg\" alt=\"\" class=\"wp-image-447\" srcset=\"https:\/\/www.stevistech.com\/wp-content\/uploads\/2022\/12\/automatic-laser-tube-cutting-machine-wheelchair-industry.jpg 600w, https:\/\/www.stevistech.com\/wp-content\/uploads\/2022\/12\/automatic-laser-tube-cutting-machine-wheelchair-industry-300x300.jpg 300w, https:\/\/www.stevistech.com\/wp-content\/uploads\/2022\/12\/automatic-laser-tube-cutting-machine-wheelchair-industry-150x150.jpg 150w\" sizes=\"auto, (max-width: 600px) 100vw, 600px\" \/><\/figure>\n\n\n\n<p>Az al\u00e1bbiakban egy kerekessz\u00e9kes projekt l\u00e1that\u00f3 Indi\u00e1b\u00f3l.<\/p>\n\n\n\n<p>Hossz: 6500mm<\/p>\n\n\n\n<p>\u00c1tm\u00e9r\u0151: 15-160 mm<\/p>\n\n\n\n<p>Forma: kerek, n\u00e9gyzet, t\u00e9glalap<\/p>\n\n\n\n<p>Anyag: MS, SS, AL<\/p>\n\n\n\n<p>Vastags\u00e1g: 2 mm-ig<\/p>\n\n\n\n<p>V\u00e1g\u00e1si ig\u00e9ny: sz\u00f6g, furatok, profilok, lapos<\/p>\n\n\n\n<p>Az \u00fcgyf\u00e9l gy\u00e1rt\u00e1si neh\u00e9zs\u00e9gei: a hagyom\u00e1nyos cs\u0151folyamat bonyolult, t\u00f6bb folyamatot ig\u00e9nyel, bele\u00e9rtve a v\u00e1g\u00e1st, lyukaszt\u00e1st, f\u00far\u00e1st, amelyek sok form\u00e1t, munkaer\u0151t \u00e9s magas beruh\u00e1z\u00e1si k\u00f6lts\u00e9geket ig\u00e9nyelnek.<\/p>\n\n\n\n<figure class=\"wp-block-image size-full\"><img loading=\"lazy\" decoding=\"async\" width=\"800\" height=\"600\" src=\"https:\/\/stevistech.com\/wp-content\/uploads\/2022\/12\/wheel-chair-pipe-drawing.jpg\" alt=\"\" class=\"wp-image-449\" srcset=\"https:\/\/www.stevistech.com\/wp-content\/uploads\/2022\/12\/wheel-chair-pipe-drawing.jpg 800w, https:\/\/www.stevistech.com\/wp-content\/uploads\/2022\/12\/wheel-chair-pipe-drawing-300x225.jpg 300w, https:\/\/www.stevistech.com\/wp-content\/uploads\/2022\/12\/wheel-chair-pipe-drawing-768x576.jpg 768w\" sizes=\"auto, (max-width: 800px) 100vw, 800px\" \/><\/figure>\n\n\n\n<p>Megold\u00e1s a SteviS-t\u0151l:<\/p>\n\n\n\n<p><strong>(1) ST-FL80F nagy sebess\u00e9g\u0171 cs\u0151 l\u00e9zerv\u00e1g\u00f3 g\u00e9p <\/strong><strong><\/strong><\/p>\n\n\n\n<p><strong>A kiv\u00e1laszt\u00e1s oka<\/strong><strong>:<\/strong><strong><\/strong><\/p>\n\n\n\n<ul class=\"wp-block-list\">\n<li>Nagy sebess\u00e9g\u0171 v\u00e1g\u00e1s, 5-10-szer gyorsabb, mint a hagyom\u00e1nyos v\u00e1g\u00f3g\u00e9p.<\/li>\n\n\n\n<li>Teljesen automatikus, munkaer\u0151k\u00f6lts\u00e9get takar\u00edt meg, jav\u00edtja a termel\u00e9s hat\u00e9konys\u00e1g\u00e1t.<\/li>\n\n\n\n<li>Alkalmas kerek, n\u00e9gyzet alak\u00fa, t\u00e9glalap alak\u00fa, ov\u00e1lis\/kapszula cs\u00f6vek v\u00e1g\u00e1s\u00e1ra<\/li>\n\n\n\n<li>R\u00f6vid cs\u0151 marad \u226440mm, anyagtakar\u00e9kos.<\/li>\n<\/ul>\n\n\n\n<figure class=\"wp-block-embed is-type-video is-provider-youtube wp-block-embed-youtube wp-embed-aspect-16-9 wp-has-aspect-ratio\"><div class=\"wp-block-embed__wrapper\">\n<iframe loading=\"lazy\" title=\"[SteviS Laser] Gyors automata n\u00e9gyzet alak\u00fa rozsdamentes ac\u00e9lcs\u0151 l\u00e9zerv\u00e1g\u00f3 g\u00e9p b\u00fatorgy\u00e1rban\" width=\"500\" height=\"281\" src=\"https:\/\/www.youtube.com\/embed\/T9FQlEidNGY?feature=oembed\" frameborder=\"0\" allow=\"accelerometer; autoplay; clipboard-write; encrypted-media; gyroscope; picture-in-picture; web-share\" referrerpolicy=\"strict-origin-when-cross-origin\" allowfullscreen><\/iframe>\n<\/div><\/figure>\n\n\n\n<p>(2)<strong>ST-TP220 Professzion\u00e1lis cs\u0151l\u00e9zerv\u00e1g\u00f3 g\u00e9p<\/strong><\/p>\n\n\n\n<p><strong>A kiv\u00e1laszt\u00e1s oka<\/strong><strong>:<\/strong><strong><\/strong><\/p>\n\n\n\n<ul class=\"wp-block-list\">\n<li>A leg\u00fajabb SteviS 5<sup>th<\/sup>&nbsp;Korszer\u0171s\u00edtett verzi\u00f3 \u00e9s meger\u0151s\u00edtett g\u00e9p\u00e1gy.<\/li>\n\n\n\n<li>Haszn\u00e1ljon \u00f6ncentr\u00e1l\u00f3 tokm\u00e1nyokat, nagyobb pontoss\u00e1got \u00e9s hosszabb \u00e9lettartamot.<\/li>\n\n\n\n<li>Cs\u00facskateg\u00f3ri\u00e1s vez\u00e9rl\u0151szoftver. Kiv\u00e1l\u00f3 algoritmusteljes\u00edtm\u00e9ny, a t\u00f6bbtengelyes kapcsol\u00f3d\u00e1si vez\u00e9rl\u00e9s kiemelked\u0151 el\u0151nyei \u00e9s egyszer\u0171 kezel\u00e9s.<\/li>\n\n\n\n<li>&quot;f\u0151test + v\u00e1g\u00f3t\u00e9r + kirakod\u00f3 platform&quot; \u00e1gy kialak\u00edt\u00e1s, nagy teherb\u00edr\u00e1ssal, j\u00f3 berendez\u00e9s stabilit\u00e1ssal \u00e9s nagy pontoss\u00e1ggal.<\/li>\n\n\n\n<li>Professzion\u00e1lis l\u00e9zerv\u00e1g\u00f3 fejjel a cs\u0151v\u00e1g\u00e1s interferenciafel\u00fclet\u00e9nek cs\u00f6kkent\u00e9se \u00e9rdek\u00e9ben.<\/li>\n<\/ul>\n\n\n\n<figure class=\"wp-block-embed is-type-video is-provider-youtube wp-block-embed-youtube wp-embed-aspect-16-9 wp-has-aspect-ratio\"><div class=\"wp-block-embed__wrapper\">\n<iframe loading=\"lazy\" title=\"[SteviS Laser] Standard verzi\u00f3j\u00fa univerz\u00e1lis cs\u0151l\u00e9zerv\u00e1g\u00f3 g\u00e9p fitneszg\u00e9pgy\u00e1rban\" width=\"500\" height=\"281\" src=\"https:\/\/www.youtube.com\/embed\/MWIVpKO6H44?feature=oembed\" frameborder=\"0\" allow=\"accelerometer; autoplay; clipboard-write; encrypted-media; gyroscope; picture-in-picture; web-share\" referrerpolicy=\"strict-origin-when-cross-origin\" allowfullscreen><\/iframe>\n<\/div><\/figure>","protected":false},"excerpt":{"rendered":"<p>It is estimated that approximately 15% of the global population people have a disability. It is also currently estimated that 131.8 million people (or 1.85% of the global population) require a wheelchair. Laser cutting technology can reduce the production cost of wheelchairs, allow people in need to use affordable p wheelchairs, and improve their quality [&hellip;]<\/p>","protected":false},"featured_media":448,"parent":0,"template":"","case_category":[25],"class_list":["post-399","case","type-case","status-publish","has-post-thumbnail","hentry","case_category-medical"],"acf":[],"_links":{"self":[{"href":"https:\/\/www.stevistech.com\/hu\/wp-json\/wp\/v2\/case\/399","targetHints":{"allow":["GET"]}}],"collection":[{"href":"https:\/\/www.stevistech.com\/hu\/wp-json\/wp\/v2\/case"}],"about":[{"href":"https:\/\/www.stevistech.com\/hu\/wp-json\/wp\/v2\/types\/case"}],"wp:featuredmedia":[{"embeddable":true,"href":"https:\/\/www.stevistech.com\/hu\/wp-json\/wp\/v2\/media\/448"}],"wp:attachment":[{"href":"https:\/\/www.stevistech.com\/hu\/wp-json\/wp\/v2\/media?parent=399"}],"wp:term":[{"taxonomy":"case_category","embeddable":true,"href":"https:\/\/www.stevistech.com\/hu\/wp-json\/wp\/v2\/case_category?post=399"}],"curies":[{"name":"wp","href":"https:\/\/api.w.org\/{rel}","templated":true}]}}